{"id":25731,"date":"2024-03-14T11:06:21","date_gmt":"2024-03-14T17:06:21","guid":{"rendered":"https:\/\/www.catie.ac.cr\/?page_id=25731"},"modified":"2024-11-19T11:47:39","modified_gmt":"2024-11-19T17:47:39","slug":"eba-lac","status":"publish","type":"page","link":"https:\/\/www.catie.ac.cr\/en\/paises\/guatemala\/eba-lac\/","title":{"rendered":"EbA LAC"},"content":{"rendered":"<div data-elementor-type=\"wp-page\" data-elementor-id=\"25731\" class=\"elementor elementor-25731\" data-elementor-post-type=\"page\">\n\t\t\t\t\t\t<section class=\"elementor-section elementor-top-section elementor-element elementor-element-702d00e4 elementor-section-boxed elementor-section-height-default elementor-section-height-default\" data-id=\"702d00e4\" data-element_type=\"section\">\n\t\t\t\t\t\t<div class=\"elementor-container elementor-column-gap-default\">\n\t\t\t\t\t<div class=\"elementor-column elementor-col-100 elementor-top-column elementor-element elementor-element-70af1f90\" data-id=\"70af1f90\" data-element_type=\"column\">\n\t\t\t<div class=\"elementor-widget-wrap elementor-element-populated\">\n\t\t\t\t\t\t<div class=\"elementor-element elementor-element-088bbe9 elementor-widget elementor-widget-thim-heading\" data-id=\"088bbe9\" data-element_type=\"widget\" data-widget_type=\"thim-heading.default\">\n\t\t\t\t<div class=\"elementor-widget-container\">\n\t\t\t\t\t<div class=\"sc_heading\"><h3 style=\"color:#004A58;\" class=\"title\">Programa Escalando Medidas de Adaptaci\u00f3n basada en Ecosistemas (AbE) en la Am\u00e9rica Latina Rural -EbA LAC-<\/h3><span class=\"line\"><\/span><\/div>\t\t\t\t<\/div>\n\t\t\t\t<\/div>\n\t\t\t\t\t<\/div>\n\t\t<\/div>\n\t\t\t\t\t<\/div>\n\t\t<\/section>\n\t\t\t\t<section class=\"elementor-section elementor-top-section elementor-element elementor-element-3ae6cb99 elementor-section-boxed elementor-section-height-default elementor-section-height-default\" data-id=\"3ae6cb99\" data-element_type=\"section\">\n\t\t\t\t\t\t<div class=\"elementor-container elementor-column-gap-default\">\n\t\t\t\t\t<div class=\"elementor-column elementor-col-100 elementor-top-column elementor-element elementor-element-4e367cb2\" data-id=\"4e367cb2\" data-element_type=\"column\">\n\t\t\t<div class=\"elementor-widget-wrap elementor-element-populated\">\n\t\t\t\t\t\t<div class=\"elementor-element elementor-element-1860ae87 elementor-widget elementor-widget-text-editor\" data-id=\"1860ae87\" data-element_type=\"widget\" data-widget_type=\"text-editor.default\">\n\t\t\t\t<div class=\"elementor-widget-container\">\n\t\t\t\t\t\t\t\t\t<p><span style=\"color: #000000;\">Los pa\u00edses de Am\u00e9rica Latina (AL) se ven muy afectados por el cambio clim\u00e1tico (CC) y est\u00e1n experimentando frecuentes e intensos fen\u00f3menos meteorol\u00f3gicos extremos.<\/span><\/p><p><span style=\"color: #000000;\">Adicionalmente, el concepto de Adaptaci\u00f3n basada en Ecosistemas (AbE) a\u00fan no se ha integrado suficientemente en las estrat\u00e9gicas y pol\u00edticas y siguen faltando instrumentos para su financiamiento, por lo que el fortalecimiento de capacidades en AbE es necesario en todos los niveles.<\/span><\/p><p><span style=\"color: #000000;\">Actualmente Guatemala est\u00e1 catalogado como un pa\u00eds megadiverso, por su riqueza natural y ubicaci\u00f3n, pero a su vez por factores end\u00f3genos y ex\u00f3genos, es un pa\u00eds con alta vulnerabilidad clim\u00e1tica donde la combinaci\u00f3n de pobreza y pobreza extrema hace que el pa\u00eds tenga una exposici\u00f3n al riesgo bastante alta y por eso se trabaja con programas dedicados exclusivamente a la mejora integral de ecosistemas y paisajes resilientes, para reducir esas brechas de vulnerabilidad y riesgo clim\u00e1tico.<\/span><\/p>\t\t\t\t\t\t\t\t<\/div>\n\t\t\t\t<\/div>\n\t\t\t\t\t<\/div>\n\t\t<\/div>\n\t\t\t\t\t<\/div>\n\t\t<\/section>\n\t\t\t\t<section class=\"elementor-section elementor-top-section elementor-element elementor-element-f035e26 elementor-section-boxed elementor-section-height-default elementor-section-height-default\" data-id=\"f035e26\" data-element_type=\"section\">\n\t\t\t\t\t\t<div class=\"elementor-container elementor-column-gap-default\">\n\t\t\t\t\t<div class=\"elementor-column elementor-col-100 elementor-top-column elementor-element elementor-element-3f00411e\" data-id=\"3f00411e\" data-element_type=\"column\">\n\t\t\t<div class=\"elementor-widget-wrap elementor-element-populated\">\n\t\t\t\t\t\t<div class=\"elementor-element elementor-element-b081977 elementor-widget elementor-widget-thim-heading\" data-id=\"b081977\" data-element_type=\"widget\" data-widget_type=\"thim-heading.default\">\n\t\t\t\t<div class=\"elementor-widget-container\">\n\t\t\t\t\t<div class=\"sc_heading\"><h3 style=\"color:#004A58;\" class=\"title\">Objetivos<\/h3><span class=\"line\"><\/span><\/div>\t\t\t\t<\/div>\n\t\t\t\t<\/div>\n\t\t\t\t<div class=\"elementor-element elementor-element-b0b396a elementor-widget elementor-widget-text-editor\" data-id=\"b0b396a\" data-element_type=\"widget\" data-widget_type=\"text-editor.default\">\n\t\t\t\t<div class=\"elementor-widget-container\">\n\t\t\t\t\t\t\t\t\t<p><span style=\"color: #000000;\"><strong>General<\/strong><\/span><\/p><p><span style=\"color: #000000;\">Aumentar la capacidad de resiliencia del CC de las comunidades y los ecosistemas vulnerables en las zonas rurales del Ecuador, Guatemala y Costa Rica.<\/span><\/p><p><span style=\"color: #000000;\"><strong>Espec\u00edficos<\/strong><\/span><\/p><ul><li><span style=\"color: #000000;\">Fortalecer la capacidad de m\u00faltiples agentes, entre ellos el gobierno nacional y local, y las organizaciones de la sociedad civil, el sector privado, los proveedores de servicios y las comunidades rurales vulnerables.<\/span><\/li><li><span style=\"color: #000000;\">Aumentar el uso de las pr\u00e1cticas de AbE en la planificaci\u00f3n de la adaptaci\u00f3n de los pa\u00edses, incorpor\u00e1ndolas en las Contribuciones Determinadas a nivel Nacional (NDC, por sus siglas en ingl\u00e9s) y apoyando las ambiciones revisadas para 2020, los planes sectoriales (principalmente agricultura y agua) y los procesos de Planes Nacionales de Adaptaci\u00f3n (NAP, por sus siglas en ingl\u00e9s), facilitando as\u00ed que AL cumpla sus objetivos nacionales de adaptaci\u00f3n.<\/span><\/li><li><span style=\"color: #000000;\">Desarrollar de instrumentos y productos financieros innovadores, el fortalecimiento de los mecanismos de gobernanza y el intercambio de conocimientos en apoyo a las pol\u00edticas de AbE y la implementaci\u00f3n de campo<\/span><\/li><\/ul>\t\t\t\t\t\t\t\t<\/div>\n\t\t\t\t<\/div>\n\t\t\t\t<div class=\"elementor-element elementor-element-233c41c0 elementor-widget-divider--view-line elementor-widget elementor-widget-divider\" data-id=\"233c41c0\" data-element_type=\"widget\" data-widget_type=\"divider.default\">\n\t\t\t\t<div class=\"elementor-widget-container\">\n\t\t\t\t\t\t\t<div class=\"elementor-divider\">\n\t\t\t<span class=\"elementor-divider-separator\">\n\t\t\t\t\t\t<\/span>\n\t\t<\/div>\n\t\t\t\t\t\t<\/div>\n\t\t\t\t<\/div>\n\t\t\t\t\t<\/div>\n\t\t<\/div>\n\t\t\t\t\t<\/div>\n\t\t<\/section>\n\t\t\t\t<section class=\"elementor-section elementor-top-section elementor-element elementor-element-c02ebb3 elementor-section-boxed elementor-section-height-default elementor-section-height-default\" data-id=\"c02ebb3\" data-element_type=\"section\">\n\t\t\t\t\t\t<div class=\"elementor-container elementor-column-gap-default\">\n\t\t\t\t\t<div class=\"elementor-column elementor-col-100 elementor-top-column elementor-element elementor-element-54b050e7\" data-id=\"54b050e7\" data-element_type=\"column\">\n\t\t\t<div class=\"elementor-widget-wrap elementor-element-populated\">\n\t\t\t\t\t\t<div class=\"elementor-element elementor-element-120c4d3 elementor-widget elementor-widget-thim-heading\" data-id=\"120c4d3\" data-element_type=\"widget\" data-widget_type=\"thim-heading.default\">\n\t\t\t\t<div class=\"elementor-widget-container\">\n\t\t\t\t\t<div class=\"sc_heading\"><h3 style=\"color:#004A58;\" class=\"title\">Documentos<\/h3><span class=\"line\"><\/span><\/div>\t\t\t\t<\/div>\n\t\t\t\t<\/div>\n\t\t\t\t<div class=\"elementor-element elementor-element-dfdd7a6 elementor-widget elementor-widget-text-editor\" data-id=\"dfdd7a6\" data-element_type=\"widget\" data-widget_type=\"text-editor.default\">\n\t\t\t\t<div class=\"elementor-widget-container\">\n\t\t\t\t\t\t\t\t\t<p><span style=\"color: #000000;\">Documentos de proyecto, informes, evaluaciones, auditor\u00edas, estudios t\u00e9cnico<\/span>s<\/p>\t\t\t\t\t\t\t\t<\/div>\n\t\t\t\t<\/div>\n\t\t\t\t<div class=\"elementor-element elementor-element-22ca7e8 elementor-widget elementor-widget-text-editor\" data-id=\"22ca7e8\" data-element_type=\"widget\" id=\"EbA_list\" data-widget_type=\"text-editor.default\">\n\t\t\t\t<div class=\"elementor-widget-container\">\n\t\t\t\t\t\t\t\t\t<ol><li><a href=\"https:\/\/www.catie.ac.cr\/wp-content\/uploads\/2024\/03\/Caracterizacion-de-Medios-de-Vida-y-Medidas-AbE.pdf\" target=\"_blank\" rel=\"noopener\">Identificaci\u00f3n de pr\u00e1cticas basadas en ecosistemas(AbE) y el contexto social-ecol\u00f3gico donde ocurre en dos territorios de intervenci\u00f3n del programa \u201cEscalando Medidas Basadas En Ecosistemas (AbE) En Areas Rurales De Latinoamerica&#8221;<\/a><\/li><li><a href=\"https:\/\/www.catie.ac.cr\/wp-content\/uploads\/2024\/03\/Informe-de-Analisis-de-Riesgo-y-Vulnerabilidades-Guatemala-.-EbA-LAC.pdf\" target=\"_blank\" rel=\"noopener\">An\u00e1lisis de riesgo clim\u00e1tico<\/a><\/li><li><a href=\"https:\/\/www.catie.ac.cr\/wp-content\/uploads\/2024\/03\/Informe-Final-.-Caracterizacion-Medidas-AbE-y-Relacion-Costo-Beneficio.pdf\" target=\"_blank\" rel=\"noopener\">Informe final an\u00e1lisis costo\/beneficio financiero del uso actual y la medida AbE<\/a><\/li><li><a href=\"https:\/\/www.catie.ac.cr\/wp-content\/uploads\/2024\/03\/Linea-Base-Mecanismos-de-Gobernanza-para-AbE-en-Guatemala.pdf\" target=\"_blank\" rel=\"noopener\">Informe final de implementaci\u00f3n de la propuesta metodol\u00f3gica de valoraci\u00f3n del paisaje y l\u00ednea de base de los mecanismos de gobernanza promisorios en Guatemala<\/a><\/li><li><a href=\"https:\/\/www.catie.ac.cr\/wp-content\/uploads\/2024\/03\/Paquete-de-evidencias-AbE-productos-finacieros-y-seguros-Final-v31-03-23.pdf\" target=\"_blank\" rel=\"noopener\">Evidencias de la integraci\u00f3n del enfoque \u201cAdaptaci\u00f3n basada en Ecosistemas\u201d &#8211; AbE &#8211; en productos financieros y de seguros comerciales<\/a><\/li><li><a href=\"https:\/\/www.catie.ac.cr\/wp-content\/uploads\/2024\/03\/PPT-Costo-Beneficio-Medidas-AbE-GT.pdf\" target=\"_blank\" rel=\"noopener\">Presentaci\u00f3n costo\/beneficio medidas AbE<\/a><\/li><li><a href=\"https:\/\/www.catie.ac.cr\/wp-content\/uploads\/2024\/03\/Producto-1.-Analisis-de-contexto-Mapeo-del-Ecosistema-Financiero-.pdf\" target=\"_blank\" rel=\"noopener\">Producto 1. An\u00e1lisis de contexto: Mapeo del ecosistema financiero e instrumentos de financiamiento y reducci\u00f3n de riesgo<\/a><\/li><li><a href=\"https:\/\/www.catie.ac.cr\/wp-content\/uploads\/2024\/03\/Producto-2.-Mapeo-de-Mecanismos-y-Productos-de-Financiamiento.pdf\" target=\"_blank\" rel=\"noopener\">Producto 2. Mapeo de mecanismos y productos de financiamiento<\/a><\/li><li><a href=\"https:\/\/www.catie.ac.cr\/wp-content\/uploads\/2024\/03\/Producto-3.-Analisis-de-las-Condiciones-Habilitantes-para-EBA.pdf\" target=\"_blank\" rel=\"noopener\">Producto 3. An\u00e1lisis de las condiciones habilitantes para la integraci\u00f3n de EbA en los instrumentos financieros<\/a><\/li><\/ol>\t\t\t\t\t\t\t\t<\/div>\n\t\t\t\t<\/div>\n\t\t\t\t\t<\/div>\n\t\t<\/div>\n\t\t\t\t\t<\/div>\n\t\t<\/section>\n\t\t\t\t<section class=\"elementor-section elementor-top-section elementor-element elementor-element-2017de1b elementor-section-boxed elementor-section-height-default elementor-section-height-default\" data-id=\"2017de1b\" data-element_type=\"section\">\n\t\t\t\t\t\t<div class=\"elementor-container elementor-column-gap-default\">\n\t\t\t\t\t<div class=\"elementor-column elementor-col-100 elementor-top-column elementor-element elementor-element-43d4f83\" data-id=\"43d4f83\" data-element_type=\"column\">\n\t\t\t<div class=\"elementor-widget-wrap elementor-element-populated\">\n\t\t\t\t\t\t<div class=\"elementor-element elementor-element-2ce7738 elementor-widget elementor-widget-thim-heading\" data-id=\"2ce7738\" data-element_type=\"widget\" data-widget_type=\"thim-heading.default\">\n\t\t\t\t<div class=\"elementor-widget-container\">\n\t\t\t\t\t<div class=\"sc_heading\"><h3 style=\"color:#004A58;\" class=\"title\">Enlaces estrat\u00e9gicos<\/h3><span class=\"line\"><\/span><\/div>\t\t\t\t<\/div>\n\t\t\t\t<\/div>\n\t\t\t\t\t<\/div>\n\t\t<\/div>\n\t\t\t\t\t<\/div>\n\t\t<\/section>\n\t\t\t\t<section class=\"elementor-section elementor-top-section elementor-element elementor-element-6aa2d63b elementor-section-boxed elementor-section-height-default elementor-section-height-default\" data-id=\"6aa2d63b\" data-element_type=\"section\">\n\t\t\t\t\t\t<div class=\"elementor-container elementor-column-gap-default\">\n\t\t\t\t\t<div class=\"elementor-column elementor-col-100 elementor-top-column elementor-element elementor-element-339aafa5\" data-id=\"339aafa5\" data-element_type=\"column\">\n\t\t\t<div class=\"elementor-widget-wrap elementor-element-populated\">\n\t\t\t\t\t\t<div class=\"elementor-element elementor-element-586fcf16 elementor-skin-carousel elementor-arrows-yes elementor-pagination-type-bullets elementor-pagination-position-outside elementor-widget elementor-widget-media-carousel\" data-id=\"586fcf16\" data-element_type=\"widget\" data-settings=\"{&quot;slides_per_view&quot;:&quot;4&quot;,&quot;space_between&quot;:{&quot;unit&quot;:&quot;px&quot;,&quot;size&quot;:15,&quot;sizes&quot;:[]},&quot;skin&quot;:&quot;carousel&quot;,&quot;effect&quot;:&quot;slide&quot;,&quot;show_arrows&quot;:&quot;yes&quot;,&quot;pagination&quot;:&quot;bullets&quot;,&quot;speed&quot;:500,&quot;autoplay&quot;:&quot;yes&quot;,&quot;autoplay_speed&quot;:5000,&quot;pause_on_hover&quot;:&quot;yes&quot;,&quot;pause_on_interaction&quot;:&quot;yes&quot;,&quot;space_between_tablet&quot;:{&quot;unit&quot;:&quot;px&quot;,&quot;size&quot;:10,&quot;sizes&quot;:[]},&quot;space_between_mobile&quot;:{&quot;unit&quot;:&quot;px&quot;,&quot;size&quot;:10,&quot;sizes&quot;:[]}}\" data-widget_type=\"media-carousel.default\">\n\t\t\t\t<div class=\"elementor-widget-container\">\n\t\t\t\t\t\t\t\t\t<div class=\"elementor-swiper\">\n\t\t\t\t\t<div class=\"elementor-main-swiper swiper\" role=\"region\" aria-roledescription=\"carousel\" aria-label=\"Slides\">\n\t\t\t\t<div class=\"swiper-wrapper\">\n\t\t\t\t\t\t\t\t\t\t\t<div class=\"swiper-slide\" role=\"group\" aria-roledescription=\"slide\">\n\t\t\t\t\t\t\t<a href=\"https:\/\/www.marn.gob.gt\" target=\"_blank\">\t\t<div class=\"elementor-carousel-image\" role=\"img\" aria-label=\"Logo MARN\" style=\"background-image: url(&#039;https:\/\/www.catie.ac.cr\/wp-content\/uploads\/2024\/03\/Logo-MARN.jpg&#039;)\">\n\n\t\t\t\n\t\t\t\t\t<\/div>\n\t\t<\/a>\t\t\t\t\t\t<\/div>\n\t\t\t\t\t\t\t\t\t\t\t<div class=\"swiper-slide\" role=\"group\" aria-roledescription=\"slide\">\n\t\t\t\t\t\t\t<a href=\"https:\/\/www.maga.gob.gt\" target=\"_blank\">\t\t<div class=\"elementor-carousel-image\" role=\"img\" aria-label=\"MAGA\" style=\"background-image: url(&#039;https:\/\/www.catie.ac.cr\/wp-content\/uploads\/2023\/12\/MAGA-250x250.png&#039;)\">\n\n\t\t\t\n\t\t\t\t\t<\/div>\n\t\t<\/a>\t\t\t\t\t\t<\/div>\n\t\t\t\t\t\t\t\t\t\t\t<div class=\"swiper-slide\" role=\"group\" aria-roledescription=\"slide\">\n\t\t\t\t\t\t\t<a href=\"https:\/\/www.inab.gob.gt\" target=\"_blank\">\t\t<div class=\"elementor-carousel-image\" role=\"img\" aria-label=\"INAB\" style=\"background-image: url(&#039;https:\/\/www.catie.ac.cr\/wp-content\/uploads\/2023\/12\/INAB-250x250.png&#039;)\">\n\n\t\t\t\n\t\t\t\t\t<\/div>\n\t\t<\/a>\t\t\t\t\t\t<\/div>\n\t\t\t\t\t\t\t\t\t\t\t<div class=\"swiper-slide\" role=\"group\" aria-roledescription=\"slide\">\n\t\t\t\t\t\t\t<a href=\"https:\/\/www.giz.de\/en\/worldwide\/62521.html%20\" target=\"_blank\">\t\t<div class=\"elementor-carousel-image\" role=\"img\" aria-label=\"giz-logo\" style=\"background-image: url(&#039;https:\/\/www.catie.ac.cr\/wp-content\/uploads\/2024\/03\/giz-logo.gif&#039;)\">\n\n\t\t\t\n\t\t\t\t\t<\/div>\n\t\t<\/a>\t\t\t\t\t\t<\/div>\n\t\t\t\t\t\t\t\t\t\t\t<div class=\"swiper-slide\" role=\"group\" aria-roledescription=\"slide\">\n\t\t\t\t\t\t\t<a href=\"https:\/\/www.iucn.org\/es\" target=\"_blank\">\t\t<div class=\"elementor-carousel-image\" role=\"img\" aria-label=\"iucn-contributions-for-nature-platform-logo-es-576x400.jpg\" style=\"background-image: url(&#039;https:\/\/www.catie.ac.cr\/wp-content\/uploads\/2024\/03\/iucn-contributions-for-nature-platform-logo-es-576x400.jpg-250x222.webp&#039;)\">\n\n\t\t\t\n\t\t\t\t\t<\/div>\n\t\t<\/a>\t\t\t\t\t\t<\/div>\n\t\t\t\t\t\t\t\t\t\t\t<div class=\"swiper-slide\" role=\"group\" aria-roledescription=\"slide\">\n\t\t\t\t\t\t\t<a href=\"https:\/\/www.bmuv.de\" target=\"_blank\">\t\t<div class=\"elementor-carousel-image\" role=\"img\" aria-label=\"bmuv_logo_2021\" style=\"background-image: url(&#039;https:\/\/www.catie.ac.cr\/wp-content\/uploads\/2024\/03\/bmuv_logo_2021-1-250x250.jpg&#039;)\">\n\n\t\t\t\n\t\t\t\t\t<\/div>\n\t\t<\/a>\t\t\t\t\t\t<\/div>\n\t\t\t\t\t\t\t\t\t\t\t<div class=\"swiper-slide\" role=\"group\" aria-roledescription=\"slide\">\n\t\t\t\t\t\t\t<a href=\"https:\/\/www.international-climate-initiative.com\" target=\"_blank\">\t\t<div class=\"elementor-carousel-image\" role=\"img\" aria-label=\"logo-iki\" style=\"background-image: url(&#039;https:\/\/www.catie.ac.cr\/wp-content\/uploads\/2024\/03\/logo-iki-250x250.jpg&#039;)\">\n\n\t\t\t\n\t\t\t\t\t<\/div>\n\t\t<\/a>\t\t\t\t\t\t<\/div>\n\t\t\t\t\t\t\t\t\t\t\t<div class=\"swiper-slide\" role=\"group\" aria-roledescription=\"slide\">\n\t\t\t\t\t\t\t<a href=\"https:\/\/www.ebalac.com\/es\/acerca-de-eba-lac\" target=\"_blank\">\t\t<div class=\"elementor-carousel-image\" role=\"img\" aria-label=\"ABEE\" style=\"background-image: url(&#039;https:\/\/www.catie.ac.cr\/wp-content\/uploads\/2024\/03\/ABEE-1-250x250.jpg&#039;)\">\n\n\t\t\t\n\t\t\t\t\t<\/div>\n\t\t<\/a>\t\t\t\t\t\t<\/div>\n\t\t\t\t\t\t\t\t\t<\/div>\n\t\t\t\t\t\t\t\t\t\t\t\t\t\t\t<div class=\"elementor-swiper-button elementor-swiper-button-prev\" role=\"button\" tabindex=\"0\" aria-label=\"Previous\">\n\t\t\t\t\t\t\t<i aria-hidden=\"true\" class=\"eicon-chevron-left\"><\/i>\t\t\t\t\t\t<\/div>\n\t\t\t\t\t\t<div class=\"elementor-swiper-button elementor-swiper-button-next\" role=\"button\" tabindex=\"0\" aria-label=\"Next\">\n\t\t\t\t\t\t\t<i aria-hidden=\"true\" class=\"eicon-chevron-right\"><\/i>\t\t\t\t\t\t<\/div>\n\t\t\t\t\t\t\t\t\t\t\t\t\t\t\t\t<div class=\"swiper-pagination\"><\/div>\n\t\t\t\t\t\t\t\t\t\t\t\t<\/div>\n\t\t\t\t<\/div>\n\t\t\t\t\t\t\t\t<\/div>\n\t\t\t\t<\/div>\n\t\t\t\t\t<\/div>\n\t\t<\/div>\n\t\t\t\t\t<\/div>\n\t\t<\/section>\n\t\t\t\t<section class=\"elementor-section elementor-top-section elementor-element elementor-element-33e0ebc8 elementor-section-boxed elementor-section-height-default elementor-section-height-default\" data-id=\"33e0ebc8\" data-element_type=\"section\">\n\t\t\t\t\t\t<div class=\"elementor-container elementor-column-gap-default\">\n\t\t\t\t\t<div class=\"elementor-column elementor-col-100 elementor-top-column elementor-element elementor-element-61f71086\" data-id=\"61f71086\" data-element_type=\"column\">\n\t\t\t<div class=\"elementor-widget-wrap elementor-element-populated\">\n\t\t\t\t\t\t<div class=\"elementor-element elementor-element-842d66f elementor-widget elementor-widget-thim-heading\" data-id=\"842d66f\" data-element_type=\"widget\" data-widget_type=\"thim-heading.default\">\n\t\t\t\t<div class=\"elementor-widget-container\">\n\t\t\t\t\t<div class=\"sc_heading\"><h3 style=\"color:#004A58;\" class=\"title\">Equipo<\/h3><span class=\"line\"><\/span><\/div>\t\t\t\t<\/div>\n\t\t\t\t<\/div>\n\t\t\t\t<div class=\"elementor-element elementor-element-61793199 elementor-widget elementor-widget-gs-team-members\" data-id=\"61793199\" data-element_type=\"widget\" data-widget_type=\"gs-team-members.default\">\n\t\t\t\t<div class=\"elementor-widget-container\">\n\t\t\t\t\t\t\t\n\t\t<div id=\"gs_team_area_10\" class=\"wrap gs_team_area gs_team_loading gs_tm_theme1 gs_tm_theme_v_1\" data-options='{\"search_through_all_fields\":\"off\",\"enable_clear_filters\":\"off\",\"reset_filters_text\":\"Reset Filters\",\"enable_multi_select\":\"off\",\"multi_select_ellipsis\":\"off\",\"next_txt\":\"Next\",\"prev_txt\":\"Prev\"}' style=\"visibility: hidden; opacity: 0;\">\n\t\n\t\t\t\n<!-- Container for Team members -->\n<div class=\"gs-containeer cbp-so-scroller\">\n\t\n\t<div class=\"gs-roow clearfix gs_team\">\n\n\t\n\t\t\n\t\t\t<!-- Start single member -->\n\t\t\t<div class=\"single-member-div gs-col-lg-3 gs-col-md-4 gs-col-sm-6 gs-col-xs-12 single-member-pop cbp-so-section\">\n\n\t\t\t\t<!-- Sehema & Single member wrapper -->\n\t\t\t\t<div class=\"single-member--wrapper\" itemscope itemtype=\"http:\/\/schema.org\/Organization\">\n\n\t\t\t\t\t<!-- Single member thumbnail and more -->\n\t\t\t\t\t<div class=\"single-member cbp-so-side cbp-so-side-left\">\n\n\t\t\t\t\t\t<div class=\"gs-team-member--zip-codes\" style=\"display:none!important\"><\/div>\n\t\t\t\t\t\t<!-- Ribbon -->\n\t\t\t\t\t\t\t\t\t\t\t\t\n\t\t\t\t\t\t<!-- Team Image -->\n\t\t\t\t\t\t<div class=\"gs_team_image__wrapper\">\n\t\t\t\t\t\t\t<img fetchpriority=\"high\" decoding=\"async\" width=\"245\" height=\"343\" src=\"https:\/\/www.catie.ac.cr\/wp-content\/uploads\/2024\/03\/Claudia-Mendez.jpg\" class=\"gs_team_member--image wp-post-image\" alt=\"Claudia Maricela M\u00e9ndez De Le\u00f3n\" \/>\t\t\t\t\t\t<\/div>\n\t\t\t\t\t\t\t\t\t\t\t\t\n\t\t\t\t\t\t<!-- Description & Social Links -->\n\t\t\t\t\t\t<div class=\"single-mem-desc-social flex-align-justify-center\">\n\n\t\t\t\t\t\t\t<div class=\"single-mem-desc-social--inner gs_member_info\">\n\t\t\t\t\t\t\t\t\n\t\t\t\t\t\t\t\t<!-- Description -->\n\t\t\t\t\t\t\t\t\t\t\t\t\t\t\t\t\t\t\t\t\t\t\t\t\t\t\t<p class=\"gs-member-desc\" itemprop=\"description\">Candidata a Maestr\u00eda en Formulaci\u00f3n y Evaluaci\u00f3n de Proyectos con \u00e9nfasis en cambio clim\u00e1tico y Gest...<a class=\"gs_team_pop open-popup-link\" data-mfp-src=\"#gs_team_popup_25900_10\" href=\"\/en\/void(0)\/\" data-theme=\"gs-team-popup--default\">More<\/a><\/p>\n\t\t\t\t\t\t\t\t\t\t\t\t\t\t\t\t\t\t\t\t\t\t\t\t\t\t\t\t\t\t\t\t\t\t\t\n\t\t\t\t\t\t\t\t<!-- Social Links -->\n\t\t\t\t\t\t\t\t\n    <ul class=\"gs-team-social\">\n\n    \n        <li>\n            <a class=\"envelope\" href=\"mailto:claudia.mendez@catie.ac.cr\" target=\"_blank\" itemprop=\"sameAs\"><i class=\"fas fa-envelope\"><\/i><\/a>        <\/li>\n\n            \n    <\/ul>\n\n    \n\n\t\t\t\t\t\t\t<\/div>\n\n\t\t\t\t\t\t<\/div>\n\n\t\t\t\t\t\t\t\t\t\t\t\t\n\t\t\t\t\t<\/div>\n\n\t\t\t\t\t<!-- Single member name -->\n\t\t\t\t\t\t\t\t\t\t\t<div class=\"gs-member-name\"><a class=\"gs_team_pop open-popup-link\" data-mfp-src=\"#gs_team_popup_25900_10\" data-theme=\"gs-team-popup--default\" href=\"\/en\/void(0)\/\">Claudia Maricela M\u00e9ndez De Le\u00f3n<\/a><\/div>\t\t\t\t\t\t\t\t\t\t\t\t\t\t\t\t\n\t\t\t\t\t<!-- Single member designation -->\n\t\t\t\t\t\t\t\t\t\t\t<div class=\"gs-member-desig\" itemprop=\"jobtitle\">Asesora en Fortalecimiento de Capacidades y seguimiento a Procesos a Nivel de Paisaje en Guatemala. - CATIE\/ Programa EbA LAC<\/div>\n\t\t\t\t\t\t\t\t\t\t\t\n\t\t\t\t<\/div>\n\t\t\t\t\n\t\t\t\t<!-- Popup -->\n\t\t\t\t\n<div id=\"gs_team_popup_25900_10\" class=\"gs_team_popup_shortcode_10 white-popup mfp-hide mfp-with-anim gs_team_popup default\">\n    <div class=\"mfp-content--container\">\n        \n    <div class=\"gs_team_popup_left__wrapper\">\n    \n        <!-- Team Image -->\n        <div class=\"gs_team_popup_img\">\n            <img fetchpriority=\"high\" decoding=\"async\" width=\"245\" height=\"343\" src=\"https:\/\/www.catie.ac.cr\/wp-content\/uploads\/2024\/03\/Claudia-Mendez.jpg\" class=\"gs_team_member--image wp-post-image\" alt=\"Claudia Maricela M\u00e9ndez De Le\u00f3n\" \/>                    <\/div>\n\n        <!-- Meta Details -->\n        \n<div class=\"gstm-details\">\n    \n    \n    \n    \n    \n    \n    \n    \n    \n    \n    \n    \n    \n    \n    \n        \n<\/div>\n\n\n    <\/div>\n\n    <div class=\"gs_team_popup_details gs-tm-sicons\">\n        \n        <!-- Single member name -->\n        <h2 class=\"gs-member-name\">Claudia Maricela M\u00e9ndez De Le\u00f3n<\/h2>        \n        <!-- Single member designation -->\n                    <div class=\"gs-member-desig\" itemprop=\"jobtitle\">Asesora en Fortalecimiento de Capacidades y seguimiento a Procesos a Nivel de Paisaje en Guatemala. - CATIE\/ Programa EbA LAC<\/div>\n                    \n        <!-- Social Links -->\n        \n    <ul class=\"gs-team-social\">\n\n    \n        <li>\n            <a class=\"envelope\" href=\"mailto:claudia.mendez@catie.ac.cr\" target=\"_blank\" itemprop=\"sameAs\"><i class=\"fas fa-envelope\"><\/i><\/a>        <\/li>\n\n            \n    <\/ul>\n\n    \n\n        <!-- Description -->\n        <div class=\"gs-member-desc gs-team--scrollbar\" itemprop=\"description\"><p>Candidata a Maestr\u00eda en Formulaci\u00f3n y Evaluaci\u00f3n de Proyectos con \u00e9nfasis en cambio clim\u00e1tico y Gesti\u00f3n Integral de Riesgo de Desastres; Cuenta con especializaciones en g\u00e9nero y salvaguardas ambientales y gesti\u00f3n de suelos y agua, con 10 a\u00f1os experiencia en \u00e1reas rurales, desarrollo y cooperaci\u00f3n, experiencia pr\u00e1ctica en el desarrollo sostenible y la gesti\u00f3n comunitaria para resiliencia clim\u00e1tica.<\/p>\n<p>Linkedin.com\/in \/mdl-mendezdeleon<\/p>\n<\/div>\n        \n        <!-- Skills -->\n        \n    <\/div>\n\n    <\/div>\n<\/div>\n\t\t\t<\/div>\n\n\t\t\n\t\t\n\t\t\n\t<\/div>\n\n\t<!-- Pagination -->\n\t\n<\/div>\t\n\t\t<\/div>\n\t\t\n\t\t<style>#gs_team_area_10 .gs-member-name,#gs_team_area_10 .gs-member-name a{font-size:16px}#gs_team_area_10 .gs-member-name,#gs_team_area_10 .gs-member-name a{font-weight:600}#gs_team_area_10 .gs-member-desig{font-size:12px}#gs_team_area_10 .gs-member-desig{font-weight:500}#gs_team_area_10 .gs-team-filter-cats{text-align:center}<\/style>\t\t\t\t<\/div>\n\t\t\t\t<\/div>\n\t\t\t\t\t<\/div>\n\t\t<\/div>\n\t\t\t\t\t<\/div>\n\t\t<\/section>\n\t\t\t\t<\/div>","protected":false},"excerpt":{"rendered":"<p>Programa Escalando Medidas de Adaptaci\u00f3n basada en Ecosistemas (AbE) en la Am\u00e9rica Latina Rural -EbA LAC- Los pa\u00edses de Am\u00e9rica Latina (AL) se ven muy afectados por el cambio clim\u00e1tico (CC) y est\u00e1n experimentando frecuentes e intensos fen\u00f3menos meteorol\u00f3gicos extremos. Adicionalmente, el concepto de Adaptaci\u00f3n basada en Ecosistemas (AbE) a\u00fan no se ha integrado suficientemente en las estrat\u00e9gicas y pol\u00edticas y siguen faltando instrumentos para su financiamiento, por lo que el fortalecimiento de capacidades en AbE es necesario en todos los niveles. Actualmente Guatemala est\u00e1 catalogado como un pa\u00eds megadiverso, por su riqueza natural y ubicaci\u00f3n, pero a su vez por factores end\u00f3genos y ex\u00f3genos, es un pa\u00eds con alta vulnerabilidad clim\u00e1tica donde la combinaci\u00f3n de pobreza y pobreza extrema hace que el pa\u00eds tenga una exposici\u00f3n al riesgo bastante alta y por eso se trabaja con programas dedicados exclusivamente a la mejora integral de ecosistemas y paisajes resilientes, para &hellip; <\/p>","protected":false},"author":19,"featured_media":0,"parent":10287,"menu_order":0,"comment_status":"closed","ping_status":"closed","template":"","meta":{"_bbp_topic_count":0,"_bbp_reply_count":0,"_bbp_total_topic_count":0,"_bbp_total_reply_count":0,"_bbp_voice_count":0,"_bbp_anonymous_reply_count":0,"_bbp_topic_count_hidden":0,"_bbp_reply_count_hidden":0,"_bbp_forum_subforum_count":0,"pmpro_default_level":"0","_monsterinsights_skip_tracking":false,"_monsterinsights_sitenote_active":false,"_monsterinsights_sitenote_note":"","_monsterinsights_sitenote_category":0,"_uf_show_specific_survey":0,"_uf_disable_surveys":false,"footnotes":""},"class_list":["post-25731","page","type-page","status-publish","hentry","pmpro-has-access"],"_links":{"self":[{"href":"https:\/\/www.catie.ac.cr\/en\/wp-json\/wp\/v2\/pages\/25731","targetHints":{"allow":["GET"]}}],"collection":[{"href":"https:\/\/www.catie.ac.cr\/en\/wp-json\/wp\/v2\/pages"}],"about":[{"href":"https:\/\/www.catie.ac.cr\/en\/wp-json\/wp\/v2\/types\/page"}],"author":[{"embeddable":true,"href":"https:\/\/www.catie.ac.cr\/en\/wp-json\/wp\/v2\/users\/19"}],"replies":[{"embeddable":true,"href":"https:\/\/www.catie.ac.cr\/en\/wp-json\/wp\/v2\/comments?post=25731"}],"version-history":[{"count":168,"href":"https:\/\/www.catie.ac.cr\/en\/wp-json\/wp\/v2\/pages\/25731\/revisions"}],"predecessor-version":[{"id":30570,"href":"https:\/\/www.catie.ac.cr\/en\/wp-json\/wp\/v2\/pages\/25731\/revisions\/30570"}],"up":[{"embeddable":true,"href":"https:\/\/www.catie.ac.cr\/en\/wp-json\/wp\/v2\/pages\/10287"}],"wp:attachment":[{"href":"https:\/\/www.catie.ac.cr\/en\/wp-json\/wp\/v2\/media?parent=25731"}],"curies":[{"name":"wp","href":"https:\/\/api.w.org\/{rel}","templated":true}]}}